{"id":31,"date":"2016-11-09T14:49:46","date_gmt":"2016-11-09T13:49:46","guid":{"rendered":"http:\/\/petales-france.fr\/?page_id=31"},"modified":"2026-04-23T10:39:31","modified_gmt":"2026-04-23T08:39:31","slug":"grep-rencontre","status":"publish","type":"page","link":"https:\/\/petales-france.fr\/index.php\/grep-rencontre\/","title":{"rendered":"GREP"},"content":{"rendered":"<div id=\"pl-31\"  class=\"panel-layout\" ><div id=\"pg-31-0\"  class=\"panel-grid panel-no-style\" ><div id=\"pgc-31-0-0\"  class=\"panel-grid-cell\" ><div id=\"panel-31-0-0-0\" class=\"so-panel widget widget_sow-editor panel-first-child panel-last-child\" data-index=\"0\" ><div\n\t\t\t\n\t\t\tclass=\"so-widget-sow-editor so-widget-sow-editor-base\"\n\t\t\t\n\t\t>\n<div class=\"siteorigin-widget-tinymce textwidget\">\n\t<h2 class=\"h2\">Groupe de Rencontre et d'Echange entre Parents<\/h2>\n<p class=\"Texte14beigeItal\">Le GREP a dans ses objectifs principaux, celui de briser l'isolement des familles. Ces rencontres ne visent en aucun cas \u00e0 poser un diagnostic de troubles de l'attachement, pas plus qu'\u00e0 donner des recettes toutes faites qui fonctionneraient parfaitement dans tous les foyers. Il s'agit seulement d'offrir aux familles un espace o\u00f9 elles pourront \u00e9changer sur leurs difficult\u00e9s et leurs pr\u00e9occupations, ou simplement leurs questionnements dans le respect et la confidentialit\u00e9. Le GREP est anim\u00e9 par un (ou deux) coordinateur\/trices(s) qui a (ont) \u00e9t\u00e9 form\u00e9(es) par l'association et qui s'est (se sont) engag\u00e9(es) en signant la charte des b\u00e9n\u00e9voles.Vous pouvez assister \u00e0 un GREP dans un d\u00e9partement, autre que celui o\u00f9 vous r\u00e9sidez, si les dates ou le lieu vous conviennent mieux ou s\u2019il n\u2019existe pas encore de GREP dans votre d\u00e9partement. Ces rencontres s'adressent aux familles (biologiques, adoptives, d'accueil) et \u00e9galement aux proches -adultes- de toute personne concern\u00e9e par la probl\u00e9matique de l'attachement (fratrie, conjoints) ; la pr\u00e9sence d'enfant n'est pas pr\u00e9vue lors des GREP.<\/p>\n<p>Vous trouverez ci-apr\u00e8s le calendrier des prochains GREP, par d\u00e9partement.<\/p>\n<p>&nbsp;<\/p>\n<\/div>\n<\/div><\/div><\/div><\/div><div id=\"pg-31-1\"  class=\"panel-grid panel-no-style\" ><div id=\"pgc-31-1-0\"  class=\"panel-grid-cell\" ><div id=\"panel-31-1-0-0\" class=\"so-panel widget widget_sow-editor panel-first-child panel-last-child\" data-index=\"1\" ><div\n\t\t\t\n\t\t\tclass=\"so-widget-sow-editor so-widget-sow-editor-base\"\n\t\t\t\n\t\t>\n<div class=\"siteorigin-widget-tinymce textwidget\">\n\t<p><strong>GREP propos\u00e9s par PETALES France<\/strong><\/p>\n<p><img loading=\"lazy\" decoding=\"async\" class=\"alignnone size-medium wp-image-2162\" src=\"https:\/\/petales-france.fr\/wp-content\/uploads\/2026\/04\/Dates_GREP_site_petalesfrance_attachement-300x160.png\" alt=\"\" width=\"300\" height=\"160\" srcset=\"https:\/\/petales-france.fr\/wp-content\/uploads\/2026\/04\/Dates_GREP_site_petalesfrance_attachement-300x160.png 300w, https:\/\/petales-france.fr\/wp-content\/uploads\/2026\/04\/Dates_GREP_site_petalesfrance_attachement-100x53.png 100w, https:\/\/petales-france.fr\/wp-content\/uploads\/2026\/04\/Dates_GREP_site_petalesfrance_attachement-150x80.png 150w, https:\/\/petales-france.fr\/wp-content\/uploads\/2026\/04\/Dates_GREP_site_petalesfrance_attachement-200x106.png 200w, https:\/\/petales-france.fr\/wp-content\/uploads\/2026\/04\/Dates_GREP_site_petalesfrance_attachement-450x239.png 450w, https:\/\/petales-france.fr\/wp-content\/uploads\/2026\/04\/Dates_GREP_site_petalesfrance_attachement-600x319.png 600w, https:\/\/petales-france.fr\/wp-content\/uploads\/2026\/04\/Dates_GREP_site_petalesfrance_attachement.png 688w\" sizes=\"auto, (max-width: 300px) 100vw, 300px\" \/><\/p>\n<p>&nbsp;<\/p>\n<p><strong>ATTENTION !<br \/>\n<\/strong><\/p>\n<p>le GREP<strong>31 <\/strong>a lieu tant\u00f4t le samedi, tant\u00f4t le dimanche, soyez attentifs si vous souhaitez y participer !<\/p>\n<p>le GREP<strong>44<\/strong>, quant \u00e0 lui, ne se d\u00e9roule pas toujours \u00e0 la m\u00eame adresse,\u00a0 il est prudent de se renseigner avant chaque rencontre<strong>.<\/strong><\/p>\n<p>le GREP<strong>49 <\/strong>change d'adresse ; merci de contacter les animateur-trice-s ou la coordination <a href=\"mailto:sophiegrep@sfr.fr\">sophiegrep@sfr.fr<\/a><\/p>\n<p>le GREP<strong>92 <\/strong>aura lieu tant\u00f4t \u00e0 partir de 9h30, tant\u00f4t \u00e0 partir de 14h suivant les dates ; pensez \u00e0 v\u00e9rifier les horaires..<\/p>\n<p>Pensez \u00e0 consulter r\u00e9guli\u00e8rement ce tableau, des changements de derni\u00e8re minute pouvant se produire. Merci de votre compr\u00e9hension.<\/p>\n<p>Avant de participer \u00e0 un premier GREP,\u00a0 nous vous demandons, si vous ne l'avez pas encore fait,\u00a0 de contacter le <a href=\"http:\/\/petales-france.fr\/wp-content\/uploads\/2024\/08\/petales-france-horaires-ecoute.png\" target=\"_blank\" rel=\"noopener\"> service d'\u00e9coute<\/a>, ou <a href=\"mailto:soutienpetalesfrance@orange.fr\">soutienpetalesfrance@orange.fr<\/a> pour \u00e9changer sur votre situation familiale.<br \/>\nPour toute autre question \u00e0 propos des GREP, n'h\u00e9sitez pas \u00e0 interroger :<br \/>\n<a href=\"mailto:sophiegrep@sfr.fr\">sophiegrep@sfr.fr<\/a><br \/>\n<a href=\"mailto:secretairepetalesfrance@orange.fr\">secretairepetalesfrance@orange.fr<\/a><\/p>\n<p>Si aucune date ne vous convient ou si vous n'avez pas de GREP dans votre r\u00e9gion, nous vous invitons \u00e0 utiliser les services d'\u00e9coute et de soutien par mail accessibles \u00e0 tous, (adh\u00e9rents ou non-adh\u00e9rents) et\/ou\u00a0 \u00e0 vous renseigner sur nos autres actions. Des visio-conf\u00e9rences sont \u00e9galement mises en place pour les familles adh\u00e9rentes isol\u00e9es g\u00e9ographiquement, qui ensuite peuvent continuer \u00e0 \u00e9changer en visio (VEP), en pr\u00e9sence d'un-e b\u00e9n\u00e9vole PETALES France.<strong><br \/>\n<\/strong><\/p>\n<p>&nbsp;<\/p>\n<p>&nbsp;<\/p>\n<p>&nbsp;<\/p>\n<p>&nbsp;<\/p>\n<p>&nbsp;<\/p>\n<p>&nbsp;<\/p>\n<p><span style=\"font-size: small;\"><span style=\"font-family: Georgia;\">\u00a0<\/span><\/span><\/p>\n<p><strong>\u00a0<\/strong><\/p>\n<\/div>\n<\/div><\/div><\/div><div id=\"pgc-31-1-1\"  class=\"panel-grid-cell\" ><div id=\"panel-31-1-1-0\" class=\"so-panel widget widget_sow-editor panel-first-child panel-last-child\" data-index=\"2\" ><div\n\t\t\t\n\t\t\tclass=\"so-widget-sow-editor so-widget-sow-editor-base\"\n\t\t\t\n\t\t>\n<div class=\"siteorigin-widget-tinymce textwidget\">\n\t<h3>T\u00e9moignages<\/h3>\n<p class=\"Texte14beige\"><em><img loading=\"lazy\" decoding=\"async\" class=\"alignnone wp-image-617 alignleft\" src=\"http:\/\/petales-france.fr\/wp-content\/uploads\/2017\/03\/arc_en_ciel_petalesfrance_attachement-300x200.jpg\" alt=\"\" width=\"257\" height=\"171\" srcset=\"https:\/\/petales-france.fr\/wp-content\/uploads\/2017\/03\/arc_en_ciel_petalesfrance_attachement-300x200.jpg 300w, https:\/\/petales-france.fr\/wp-content\/uploads\/2017\/03\/arc_en_ciel_petalesfrance_attachement-100x67.jpg 100w, https:\/\/petales-france.fr\/wp-content\/uploads\/2017\/03\/arc_en_ciel_petalesfrance_attachement-150x100.jpg 150w, https:\/\/petales-france.fr\/wp-content\/uploads\/2017\/03\/arc_en_ciel_petalesfrance_attachement-200x133.jpg 200w, https:\/\/petales-france.fr\/wp-content\/uploads\/2017\/03\/arc_en_ciel_petalesfrance_attachement-450x300.jpg 450w, https:\/\/petales-france.fr\/wp-content\/uploads\/2017\/03\/arc_en_ciel_petalesfrance_attachement-600x399.jpg 600w, https:\/\/petales-france.fr\/wp-content\/uploads\/2017\/03\/arc_en_ciel_petalesfrance_attachement-272x182.jpg 272w, https:\/\/petales-france.fr\/wp-content\/uploads\/2017\/03\/arc_en_ciel_petalesfrance_attachement.jpg 640w\" sizes=\"auto, (max-width: 257px) 100vw, 257px\" \/><\/em><\/p>\n<p class=\"Texte14beige\">\u00a0<em>J\u2019ai trouv\u00e9 dans le GREP un lieu d\u2019\u00e9coute comme nulle part ailleurs. Pour la 1\u00e8re fois, je sais qu\u2019on me croit sans me juger. C\u2019est toujours dur \u00e0 la maison, mais je ne me sens plus toute seule et \u00e7a change tout<\/em>. Une maman p\u00e9tales<\/p>\n<p class=\"Texte14beige\">\u00a0<\/p>\n<p class=\"Texte14beige\">\u00a0<\/p>\n<p class=\"Texte14beige\">\u00a0<\/p>\n<p class=\"Texte14beige\">\u00a0<\/p>\n<p class=\"Texte14beige\"><em><img loading=\"lazy\" decoding=\"async\" class=\"alignright wp-image-627\" src=\"http:\/\/petales-france.fr\/wp-content\/uploads\/2017\/03\/ocean_petalesfrance_attachement-300x169.jpg\" alt=\"\" width=\"206\" height=\"116\" \/><\/em><\/p>\n<p class=\"Texte14beige\">\u00a0<em>Le GREP m\u2019a permis de r\u00e9aliser ce que ma famille vivait. Les autres t\u00e9moignages m\u2019ont permis de comp<\/em><em>rendre ce que ma femme n\u2019arrivait pas \u00e0 m\u2019expliquer (ou que je ne voulais pas entendre). Maintenant, je peux l\u2019aider et j\u2019ai l\u2019impression de retrou<\/em><em>ver ma pla<\/em><em>ce de p\u00e8re et de mari. Merci ! <\/em> Un papa p\u00e9tales<\/p>\n<p class=\"Texte14beige\">\u00a0<\/p>\n<p>\u00a0<\/p>\n<p>\u00a0<\/p>\n<p>\u00a0<\/p>\n<p>\u00a0<\/p>\n<p><em><img loading=\"lazy\" decoding=\"async\" class=\"size-medium wp-image-621 alignleft\" src=\"http:\/\/petales-france.fr\/wp-content\/uploads\/2017\/03\/corde\u0301e_neige_petalesfrance_attachemenet-300x201.jpg\" alt=\"\" width=\"300\" height=\"201\" srcset=\"https:\/\/petales-france.fr\/wp-content\/uploads\/2017\/03\/corde\u0301e_neige_petalesfrance_attachemenet-300x201.jpg 300w, https:\/\/petales-france.fr\/wp-content\/uploads\/2017\/03\/corde\u0301e_neige_petalesfrance_attachemenet-100x67.jpg 100w, https:\/\/petales-france.fr\/wp-content\/uploads\/2017\/03\/corde\u0301e_neige_petalesfrance_attachemenet-150x100.jpg 150w, https:\/\/petales-france.fr\/wp-content\/uploads\/2017\/03\/corde\u0301e_neige_petalesfrance_attachemenet-200x134.jpg 200w, https:\/\/petales-france.fr\/wp-content\/uploads\/2017\/03\/corde\u0301e_neige_petalesfrance_attachemenet-450x301.jpg 450w, https:\/\/petales-france.fr\/wp-content\/uploads\/2017\/03\/corde\u0301e_neige_petalesfrance_attachemenet-600x401.jpg 600w, https:\/\/petales-france.fr\/wp-content\/uploads\/2017\/03\/corde\u0301e_neige_petalesfrance_attachemenet-272x182.jpg 272w, https:\/\/petales-france.fr\/wp-content\/uploads\/2017\/03\/corde\u0301e_neige_petalesfrance_attachemenet.jpg 640w\" sizes=\"auto, (max-width: 300px) 100vw, 300px\" \/><\/em><\/p>\n<p><em>Je suis coordinatrice depuis plusieurs ann\u00e9es. Ce n\u2019est pas toujours facile d\u2019entendre les v\u00e9cus des familles et c\u2019est une aide pr\u00e9cieuse de pouvoir nous adresser \u00e0 la responsable des GREP, pour soulager la tension que nous ressentons parfois apr\u00e8s ces rencontres. Malgr\u00e9 tout, je continue cette action avec beaucoup de bonheur car ce sont des moments riches et forts. Je suis toujours admirative de voir la volont\u00e9 des parents pour trouver de l\u2019aide et de ressentir l\u2019\u00e9coute et le soutien qu\u2019il y a entre les diff\u00e9rents participants. Une coordinatrice<\/em><\/p>\n<p>\u00a0<\/p>\n<p>\u00a0<\/p>\n<p>\u00a0<\/p>\n<p>\u00a0<\/p>\n<\/div>\n<\/div><\/div><\/div><\/div><\/div>","protected":false},"excerpt":{"rendered":"<p>Groupe de Rencontre et d&rsquo;Echange entre Parents Le GREP a dans ses objectifs principaux, celui de briser l&rsquo;isolement des familles. Ces rencontres ne visent en aucun cas \u00e0 poser un diagnostic de troubles de l&rsquo;attachement, pas plus qu&rsquo;\u00e0 donner des<span class=\"ellipsis\">&hellip;<\/span><\/p>\n<div class=\"read-more\"><a href=\"https:\/\/petales-france.fr\/index.php\/grep-rencontre\/\">Lire la suite <span class=\"screen-reader-text\">GREP<\/span><span class=\"meta-nav\"> &#8250;<\/span><\/a><\/div>\n<p><!-- end of .read-more --><\/p>\n","protected":false},"author":2,"featured_media":0,"parent":0,"menu_order":0,"comment_status":"closed","ping_status":"closed","template":"page-templates\/full-width-page.php","meta":{"footnotes":""},"class_list":["post-31","page","type-page","status-publish","hentry"],"yoast_head":"<!-- This site is optimized with the Yoast SEO plugin v25.6 - https:\/\/yoast.com\/wordpress\/plugins\/seo\/ -->\n<title>GREP Groupe Rencontre Echange Parents soutien \u00e0 la parentalit\u00e9 -<\/title>\n<meta name=\"description\" content=\"Espace pour parents d\u00e9munis, mise en commun des exp\u00e9riences, groupe solidaire, \u00e9coute sans jugement, respect et confidentialit\u00e9, post-adoption\" \/>\n<meta name=\"robots\" content=\"index, follow, max-snippet:-1, max-image-preview:large, max-video-preview:-1\" \/>\n<link rel=\"canonical\" href=\"https:\/\/petales-france.fr\/index.php\/grep-rencontre\/\" \/>\n<meta property=\"og:locale\" content=\"fr_FR\" \/>\n<meta property=\"og:type\" content=\"article\" \/>\n<meta property=\"og:title\" content=\"GREP Groupe Rencontre Echange Parents soutien \u00e0 la parentalit\u00e9 -\" \/>\n<meta property=\"og:description\" content=\"Espace pour parents d\u00e9munis, mise en commun des exp\u00e9riences, groupe solidaire, \u00e9coute sans jugement, respect et confidentialit\u00e9, post-adoption\" \/>\n<meta property=\"og:url\" content=\"https:\/\/petales-france.fr\/index.php\/grep-rencontre\/\" \/>\n<meta property=\"og:site_name\" content=\"PETALES france\" \/>\n<meta property=\"article:modified_time\" content=\"2026-04-23T08:39:31+00:00\" \/>\n<meta property=\"og:image\" content=\"https:\/\/petales-france.fr\/wp-content\/uploads\/2026\/04\/Dates_GREP_site_petalesfrance_attachement.png\" \/>\n\t<meta property=\"og:image:width\" content=\"688\" \/>\n\t<meta property=\"og:image:height\" content=\"366\" \/>\n\t<meta property=\"og:image:type\" content=\"image\/png\" \/>\n<meta name=\"twitter:card\" content=\"summary_large_image\" \/>\n<meta name=\"twitter:label1\" content=\"Dur\u00e9e de lecture estim\u00e9e\" \/>\n\t<meta name=\"twitter:data1\" content=\"4 minutes\" \/>\n<script type=\"application\/ld+json\" class=\"yoast-schema-graph\">{\"@context\":\"https:\/\/schema.org\",\"@graph\":[{\"@type\":\"WebPage\",\"@id\":\"https:\/\/petales-france.fr\/index.php\/grep-rencontre\/\",\"url\":\"https:\/\/petales-france.fr\/index.php\/grep-rencontre\/\",\"name\":\"GREP Groupe Rencontre Echange Parents soutien \u00e0 la parentalit\u00e9 -\",\"isPartOf\":{\"@id\":\"https:\/\/petales-france.fr\/#website\"},\"primaryImageOfPage\":{\"@id\":\"https:\/\/petales-france.fr\/index.php\/grep-rencontre\/#primaryimage\"},\"image\":{\"@id\":\"https:\/\/petales-france.fr\/index.php\/grep-rencontre\/#primaryimage\"},\"thumbnailUrl\":\"https:\/\/petales-france.fr\/wp-content\/uploads\/2026\/04\/Dates_GREP_site_petalesfrance_attachement-300x160.png\",\"datePublished\":\"2016-11-09T13:49:46+00:00\",\"dateModified\":\"2026-04-23T08:39:31+00:00\",\"description\":\"Espace pour parents d\u00e9munis, mise en commun des exp\u00e9riences, groupe solidaire, \u00e9coute sans jugement, respect et confidentialit\u00e9, post-adoption\",\"breadcrumb\":{\"@id\":\"https:\/\/petales-france.fr\/index.php\/grep-rencontre\/#breadcrumb\"},\"inLanguage\":\"fr-FR\",\"potentialAction\":[{\"@type\":\"ReadAction\",\"target\":[\"https:\/\/petales-france.fr\/index.php\/grep-rencontre\/\"]}]},{\"@type\":\"ImageObject\",\"inLanguage\":\"fr-FR\",\"@id\":\"https:\/\/petales-france.fr\/index.php\/grep-rencontre\/#primaryimage\",\"url\":\"https:\/\/petales-france.fr\/wp-content\/uploads\/2026\/04\/Dates_GREP_site_petalesfrance_attachement.png\",\"contentUrl\":\"https:\/\/petales-france.fr\/wp-content\/uploads\/2026\/04\/Dates_GREP_site_petalesfrance_attachement.png\",\"width\":688,\"height\":366},{\"@type\":\"BreadcrumbList\",\"@id\":\"https:\/\/petales-france.fr\/index.php\/grep-rencontre\/#breadcrumb\",\"itemListElement\":[{\"@type\":\"ListItem\",\"position\":1,\"name\":\"Accueil\",\"item\":\"https:\/\/petales-france.fr\/\"},{\"@type\":\"ListItem\",\"position\":2,\"name\":\"GREP\"}]},{\"@type\":\"WebSite\",\"@id\":\"https:\/\/petales-france.fr\/#website\",\"url\":\"https:\/\/petales-france.fr\/\",\"name\":\"PETALES france\",\"description\":\"PETALES france\",\"potentialAction\":[{\"@type\":\"SearchAction\",\"target\":{\"@type\":\"EntryPoint\",\"urlTemplate\":\"https:\/\/petales-france.fr\/?s={search_term_string}\"},\"query-input\":{\"@type\":\"PropertyValueSpecification\",\"valueRequired\":true,\"valueName\":\"search_term_string\"}}],\"inLanguage\":\"fr-FR\"}]}<\/script>\n<!-- \/ Yoast SEO plugin. -->","yoast_head_json":{"title":"GREP Groupe Rencontre Echange Parents soutien \u00e0 la parentalit\u00e9 -","description":"Espace pour parents d\u00e9munis, mise en commun des exp\u00e9riences, groupe solidaire, \u00e9coute sans jugement, respect et confidentialit\u00e9, post-adoption","robots":{"index":"index","follow":"follow","max-snippet":"max-snippet:-1","max-image-preview":"max-image-preview:large","max-video-preview":"max-video-preview:-1"},"canonical":"https:\/\/petales-france.fr\/index.php\/grep-rencontre\/","og_locale":"fr_FR","og_type":"article","og_title":"GREP Groupe Rencontre Echange Parents soutien \u00e0 la parentalit\u00e9 -","og_description":"Espace pour parents d\u00e9munis, mise en commun des exp\u00e9riences, groupe solidaire, \u00e9coute sans jugement, respect et confidentialit\u00e9, post-adoption","og_url":"https:\/\/petales-france.fr\/index.php\/grep-rencontre\/","og_site_name":"PETALES france","article_modified_time":"2026-04-23T08:39:31+00:00","og_image":[{"width":688,"height":366,"url":"https:\/\/petales-france.fr\/wp-content\/uploads\/2026\/04\/Dates_GREP_site_petalesfrance_attachement.png","type":"image\/png"}],"twitter_card":"summary_large_image","twitter_misc":{"Dur\u00e9e de lecture estim\u00e9e":"4 minutes"},"schema":{"@context":"https:\/\/schema.org","@graph":[{"@type":"WebPage","@id":"https:\/\/petales-france.fr\/index.php\/grep-rencontre\/","url":"https:\/\/petales-france.fr\/index.php\/grep-rencontre\/","name":"GREP Groupe Rencontre Echange Parents soutien \u00e0 la parentalit\u00e9 -","isPartOf":{"@id":"https:\/\/petales-france.fr\/#website"},"primaryImageOfPage":{"@id":"https:\/\/petales-france.fr\/index.php\/grep-rencontre\/#primaryimage"},"image":{"@id":"https:\/\/petales-france.fr\/index.php\/grep-rencontre\/#primaryimage"},"thumbnailUrl":"https:\/\/petales-france.fr\/wp-content\/uploads\/2026\/04\/Dates_GREP_site_petalesfrance_attachement-300x160.png","datePublished":"2016-11-09T13:49:46+00:00","dateModified":"2026-04-23T08:39:31+00:00","description":"Espace pour parents d\u00e9munis, mise en commun des exp\u00e9riences, groupe solidaire, \u00e9coute sans jugement, respect et confidentialit\u00e9, post-adoption","breadcrumb":{"@id":"https:\/\/petales-france.fr\/index.php\/grep-rencontre\/#breadcrumb"},"inLanguage":"fr-FR","potentialAction":[{"@type":"ReadAction","target":["https:\/\/petales-france.fr\/index.php\/grep-rencontre\/"]}]},{"@type":"ImageObject","inLanguage":"fr-FR","@id":"https:\/\/petales-france.fr\/index.php\/grep-rencontre\/#primaryimage","url":"https:\/\/petales-france.fr\/wp-content\/uploads\/2026\/04\/Dates_GREP_site_petalesfrance_attachement.png","contentUrl":"https:\/\/petales-france.fr\/wp-content\/uploads\/2026\/04\/Dates_GREP_site_petalesfrance_attachement.png","width":688,"height":366},{"@type":"BreadcrumbList","@id":"https:\/\/petales-france.fr\/index.php\/grep-rencontre\/#breadcrumb","itemListElement":[{"@type":"ListItem","position":1,"name":"Accueil","item":"https:\/\/petales-france.fr\/"},{"@type":"ListItem","position":2,"name":"GREP"}]},{"@type":"WebSite","@id":"https:\/\/petales-france.fr\/#website","url":"https:\/\/petales-france.fr\/","name":"PETALES france","description":"PETALES france","potentialAction":[{"@type":"SearchAction","target":{"@type":"EntryPoint","urlTemplate":"https:\/\/petales-france.fr\/?s={search_term_string}"},"query-input":{"@type":"PropertyValueSpecification","valueRequired":true,"valueName":"search_term_string"}}],"inLanguage":"fr-FR"}]}},"_links":{"self":[{"href":"https:\/\/petales-france.fr\/index.php\/wp-json\/wp\/v2\/pages\/31","targetHints":{"allow":["GET"]}}],"collection":[{"href":"https:\/\/petales-france.fr\/index.php\/wp-json\/wp\/v2\/pages"}],"about":[{"href":"https:\/\/petales-france.fr\/index.php\/wp-json\/wp\/v2\/types\/page"}],"author":[{"embeddable":true,"href":"https:\/\/petales-france.fr\/index.php\/wp-json\/wp\/v2\/users\/2"}],"replies":[{"embeddable":true,"href":"https:\/\/petales-france.fr\/index.php\/wp-json\/wp\/v2\/comments?post=31"}],"version-history":[{"count":306,"href":"https:\/\/petales-france.fr\/index.php\/wp-json\/wp\/v2\/pages\/31\/revisions"}],"predecessor-version":[{"id":2165,"href":"https:\/\/petales-france.fr\/index.php\/wp-json\/wp\/v2\/pages\/31\/revisions\/2165"}],"wp:attachment":[{"href":"https:\/\/petales-france.fr\/index.php\/wp-json\/wp\/v2\/media?parent=31"}],"curies":[{"name":"wp","href":"https:\/\/api.w.org\/{rel}","templated":true}]}}